{"id":61,"date":"2015-03-14T15:23:10","date_gmt":"2015-03-14T15:23:10","guid":{"rendered":"http:\/\/www.neurologe-zimprich.at\/?page_id=61"},"modified":"2018-09-03T12:37:29","modified_gmt":"2018-09-03T12:37:29","slug":"anfahrt","status":"publish","type":"page","link":"http:\/\/www.neurologe-zimprich.at\/?page_id=61","title":{"rendered":"Anfahrt"},"content":{"rendered":"<p>\u00d6ffentliche Verkehrstmittel:<br \/>\nU6 Station Alser Stra\u00dfe oder Michelbeuern-AKH,<br \/>\nLinie 43 (Alser Stra\u00dfe oder\u00a0Palffygasse).<\/p>\n<p>PKW:<br \/>\nEs besteht eine Kurzparkzone im 17. und 18. Bezirk.<br \/>\nParkdauer: drei Stunden,<br \/>\nMontag bis Freitag: von 9 bis 19 Uhr.<\/p>\n<p>Garagen in der N\u00e4he:<br \/>\nInterspar Garage Hernals,\u00a0J\u00f6rgerstra\u00dfe 24, 1170 Wien<br \/>\nAndere Parkgaragen finden Sie\u00a0<a href=\"http:\/\/www.parken.at\/\">hier.<\/a><\/p>\n<p>Die Ordination befindet sich im 1. Stock.<br \/>\nEin Aufzug ist vorhanden,<br \/>\nf\u00fcr einige Treppen im Eingangsbereich steht<br \/>\nein Treppenlift bereit.<\/p>\n<div id=\"wpgmza_map\" class=\"wpgmza_map\" data-settings='{\"id\":\"1\",\"map_title\":\"Ordinationsgemeinschaft Martinstra\\u00dfe\",\"map_width\":\"100\",\"map_height\":\"400\",\"map_start_lat\":\"48.219049\",\"map_start_lng\":\"16.340042\",\"map_start_location\":\"48.2190491,16.34004200000004\",\"map_start_zoom\":\"15\",\"default_marker\":\"0\",\"type\":\"1\",\"alignment\":\"1\",\"directions_enabled\":\"1\",\"styling_enabled\":\"0\",\"styling_json\":\"\",\"active\":\"0\",\"kml\":\"\",\"bicycle\":\"0\",\"traffic\":\"0\",\"dbox\":\"1\",\"dbox_width\":\"250\",\"listmarkers\":\"0\",\"listmarkers_advanced\":\"0\",\"filterbycat\":\"0\",\"ugm_enabled\":\"0\",\"ugm_category_enabled\":\"0\",\"fusion\":\"\",\"map_width_type\":\"\\\\%\",\"map_height_type\":\"px\",\"mass_marker_support\":\"1\",\"ugm_access\":\"0\",\"order_markers_by\":\"1\",\"order_markers_choice\":\"2\",\"show_user_location\":\"0\",\"default_to\":\"\",\"other_settings\":{\"store_locator_enabled\":2,\"store_locator_distance\":2,\"store_locator_default_radius\":\"10\",\"store_locator_not_found_message\":\"Keine Ergebnisse in dieser Position gefunden. Bitte versuche es erneut.\",\"store_locator_bounce\":1,\"store_locator_query_string\":\"ZIP \\\/ Address:\",\"store_locator_default_address\":\"\",\"wpgmza_store_locator_restrict\":\"\",\"store_locator_style\":\"legacy\",\"wpgmza_store_locator_radius_style\":\"legacy\",\"map_max_zoom\":\"3\",\"transport_layer\":1,\"wpgmza_theme_data\":\"\",\"wpgmza_show_points_of_interest\":1}}' data-map-id='1' Data-maps-engine='' data-shortcode-attributes='{\"id\":\"1\"}' style=\"display:block; overflow:auto; width:100%; height:400px; float:left;\"><\/div>\n","protected":false},"excerpt":{"rendered":"<p>\u00d6ffentliche Verkehrstmittel: U6 Station Alser Stra\u00dfe oder Michelbeuern-AKH, Linie 43 (Alser Stra\u00dfe oder\u00a0Palffygasse). PKW: Es besteht eine Kurzparkzone im 17. und 18. Bezirk. Parkdauer: drei Stunden, Montag bis Freitag: von 9 bis 19 Uhr. Garagen in der N\u00e4he: Interspar Garage Hernals,\u00a0J\u00f6rgerstra\u00dfe 24, 1170 Wien Andere Parkgaragen finden Sie\u00a0hier. Die Ordination befindet sich im 1. Stock. &hellip; <a href=\"http:\/\/www.neurologe-zimprich.at\/?page_id=61\" class=\"more-link\"><span class=\"screen-reader-text\">Anfahrt<\/span> weiterlesen <span class=\"meta-nav\">&rarr;<\/span><\/a><\/p>\n","protected":false},"author":1,"featured_media":0,"parent":17,"menu_order":0,"comment_status":"closed","ping_status":"open","template":"","meta":{"footnotes":""},"class_list":["post-61","page","type-page","status-publish","hentry"],"_links":{"self":[{"href":"http:\/\/www.neurologe-zimprich.at\/index.php?rest_route=\/wp\/v2\/pages\/61","targetHints":{"allow":["GET"]}}],"collection":[{"href":"http:\/\/www.neurologe-zimprich.at\/index.php?rest_route=\/wp\/v2\/pages"}],"about":[{"href":"http:\/\/www.neurologe-zimprich.at\/index.php?rest_route=\/wp\/v2\/types\/page"}],"author":[{"embeddable":true,"href":"http:\/\/www.neurologe-zimprich.at\/index.php?rest_route=\/wp\/v2\/users\/1"}],"replies":[{"embeddable":true,"href":"http:\/\/www.neurologe-zimprich.at\/index.php?rest_route=%2Fwp%2Fv2%2Fcomments&post=61"}],"version-history":[{"count":15,"href":"http:\/\/www.neurologe-zimprich.at\/index.php?rest_route=\/wp\/v2\/pages\/61\/revisions"}],"predecessor-version":[{"id":169,"href":"http:\/\/www.neurologe-zimprich.at\/index.php?rest_route=\/wp\/v2\/pages\/61\/revisions\/169"}],"up":[{"embeddable":true,"href":"http:\/\/www.neurologe-zimprich.at\/index.php?rest_route=\/wp\/v2\/pages\/17"}],"wp:attachment":[{"href":"http:\/\/www.neurologe-zimprich.at\/index.php?rest_route=%2Fwp%2Fv2%2Fmedia&parent=61"}],"curies":[{"name":"wp","href":"https:\/\/api.w.org\/{rel}","templated":true}]}}